{"id":19,"date":"2021-11-22T22:34:29","date_gmt":"2021-11-22T22:34:29","guid":{"rendered":"https:\/\/acrocinus.net\/?page_id=19"},"modified":"2024-10-25T15:40:53","modified_gmt":"2024-10-25T15:40:53","slug":"le-collectif","status":"publish","type":"page","link":"https:\/\/www.acrocinus.net\/?page_id=19","title":{"rendered":"Le Collectif"},"content":{"rendered":"\t\t<div data-elementor-type=\"wp-page\" data-elementor-id=\"19\" class=\"elementor elementor-19\">\n\t\t\t\t\t\t<section class=\"elementor-section elementor-top-section elementor-element elementor-element-56a85b54 elementor-section-boxed elementor-section-height-default elementor-section-height-default\" data-id=\"56a85b54\" data-element_type=\"section\">\n\t\t\t\t\t\t<div class=\"elementor-container elementor-column-gap-default\">\n\t\t\t\t\t<div class=\"elementor-column elementor-col-100 elementor-top-column elementor-element elementor-element-19d84a8d\" data-id=\"19d84a8d\" data-element_type=\"column\">\n\t\t\t<div class=\"elementor-widget-wrap elementor-element-populated\">\n\t\t\t\t\t\t<div class=\"elementor-element elementor-element-1d6b3e0e elementor-widget elementor-widget-text-editor\" data-id=\"1d6b3e0e\" data-element_type=\"widget\" data-widget_type=\"text-editor.default\">\n\t\t\t\t<div class=\"elementor-widget-container\">\n\t\t\t\t\t\t\t\t\t<p><\/p>\n<p class=\"wp-block-paragraph\"><\/p>\n<p><\/p>\n<p class=\"wp-block-paragraph\">\u00a0<\/p>\n<p><\/p>\n<p><\/p>\n<p class=\"wp-block-paragraph\"><\/p>\n<p><\/p>\n<div style=\"grid-template-columns: auto 40%;\">\n<figure><img fetchpriority=\"high\" decoding=\"async\" class=\"alignleft\" src=\"https:\/\/www.acrocinus.net\/wp-content\/uploads\/2021\/12\/P1070546-1024x768.jpg\" alt=\"\" width=\"277\" height=\"208\" \/><\/figure>\n<div>\n<p style=\"text-align: left;\"><\/p>\n<p class=\"wp-block-paragraph\" style=\"text-align: left;\">Nous sommes un collectif pluridisciplinaire cr\u00e9\u00e9 en 2017, d\u00e9di\u00e9 \u00e0 promouvoir la recherche visuelle et physique \u00e0 travers les art vivants, dans lequel diff\u00e9rentes comp\u00e9tences artistiques cr\u00e9ent un compl\u00e9ment qui encourage le d\u00e9veloppement intuitif et sensible. En tant que collectif, nous sommes orient\u00e9s vers l&#8217;interrogation \u00e0 travers un langage circassien th\u00e9\u00e2tral expressif, mettant la r\u00e9flexion autour de mouvements et le corps comme indicateur et porteur de dynamiques.<\/p>\n<p><\/p>\n<p><\/p>\n<p class=\"wp-block-paragraph\">Nous sommes int\u00e9ress\u00e9s \u00e1 d\u00e9passer les limites, renforcer la complicit\u00e9, d\u00e9voiler l&#8217;univers humain, s&#8217;orienter vers des dimensions permettant d&#8217;observer l&#8217;invisible. Toujours dans une optique de jeu, o\u00f9 la bonne humeur et la complicit\u00e9 se rencontrent , des actions laissent place \u00e0 la recherche d&#8217;un langage hybride et illimit\u00e9, porteur de la vie.<\/p>\n<p><\/p>\n<\/div>\n<\/div>\n<p><\/p>\n<p><\/p>\n<p class=\"wp-block-paragraph\"><\/p>\n<p><\/p>\n<p class=\"wp-block-paragraph\"><\/p>\n<p><\/p>\n<p class=\"wp-block-paragraph\">\u00a0<\/p>\n<p><\/p>\n<p><\/p>\n<p class=\"wp-block-paragraph\"><strong>L&#8217;\u00e9quipe<\/strong><\/p>\n<p><\/p>\n<p><\/p>\n<p class=\"wp-block-paragraph\"><\/p>\n<p><\/p>\n<p class=\"wp-block-paragraph\"><\/p>\n<p><\/p>\n<p class=\"wp-block-paragraph\"><\/p>\n<p><\/p>\n<p class=\"wp-block-paragraph\">\u00a0<\/p>\n<p><\/p>\n<p><\/p>\n<p class=\"wp-block-paragraph\"><\/p>\n<p><\/p>\n<p class=\"wp-block-paragraph\"><s><strong>Camilo Daouk<\/strong><\/s><\/p>\n<p><\/p>\n<p><\/p>\n<div style=\"grid-template-columns: 27% auto;\">\n<figure><img decoding=\"async\" class=\"alignright\" src=\"https:\/\/www.acrocinus.net\/wp-content\/uploads\/2021\/12\/DSC03213-2.jpg\" alt=\"\" width=\"290\" height=\"193\" \/><\/figure>\n<div>\n<p style=\"text-align: left;\"><\/p>\n<p class=\"wp-block-paragraph\" style=\"text-align: left;\">Artiste hybride, interpr\u00e8te de th\u00e9\u00e2tre, metteur en sc\u00e8ne, sc\u00e9nographe, marionnettiste et circassien d\u2019origine chilienne, bas\u00e9 \u00e0 Lausanne, Suisse. Apr\u00e8s avoir \u00e9t\u00e9 dipl\u00f4m\u00e9 du PAUT (Performing Arts University Torino) et cr\u00e9\u00e9 son solo th\u00e9\u00e2tral mask-Arpone, il poursuivit sa formation \u00e0 l\u2019\u00c9cole Internationale de Th\u00e9\u00e2tre Jacques Lecoq, ainsi qu\u2019au LEM (Laboratoire d\u2019Etude du Mouvement), \u00e0 Paris. Captiv\u00e9 par l&#8217;exploration du mouvement et la dynamique de la vie, il ouvre la voie aux dimensions plastiques, qui favorisent le croisement de diff\u00e9rentes branches artistiques dans la cr\u00e9ation, une exploration qui vise \u00e0 d\u00e9velopper un langage th\u00e9\u00e2tral visuel et physique au sein des art vivants.<\/p>\n<p><\/p>\n<\/div>\n<\/div>\n<p><\/p>\n<p><\/p>\n<p class=\"wp-block-paragraph\"><\/p>\n<p><\/p>\n<hr \/>\n<p><\/p>\n<p><\/p>\n<p class=\"wp-block-paragraph\"><\/p>\n<p><\/p>\n<p class=\"wp-block-paragraph\"><\/p>\n<p><\/p>\n<p class=\"wp-block-paragraph\"><\/p>\n<p><\/p>\n<p class=\"wp-block-paragraph\"><strong><s>Julia Rempe<\/s><\/strong><\/p>\n<p><\/p>\n<p><\/p>\n<div style=\"grid-template-columns: auto 27%;\">\n<figure><img decoding=\"async\" class=\"alignleft\" src=\"https:\/\/www.acrocinus.net\/wp-content\/uploads\/2021\/12\/Julia-copia.jpg\" alt=\"\" width=\"244\" height=\"204\" \/><\/figure>\n<div>\n<p><\/p>\n<p class=\"wp-block-paragraph\">\u00a0<\/p>\n<p><\/p>\n<p><\/p>\n<p class=\"wp-block-paragraph\">Julia Rempe est une jeune costumi\u00e8re suisse. Apr\u00e8s l&#8217;obtention d&#8217;un CFC de couturi\u00e8re \u00e0 Lausanne, elle quitte la Suisse pour int\u00e9grer l&#8217;Ecole Nationale Sup\u00e9rieure des Arts et Techniques du Th\u00e9\u00e2tre de Lyon afin d&#8217;y \u00e9tudier le costume de spectacle vivant. Elle aura l&#8217;opportunit\u00e9 de r\u00e9aliser son stage de fin d&#8217;\u00e9tudes au sein du centre universitaire de th\u00e9\u00e2tre de Mexico, pour la r\u00e9alisation de la pi\u00e8ce &#8220;Besos de Lotas&#8221; mis en sc\u00e8ne par Mme. Sylvie Mongin-Algan, ainsi qu&#8217;une seconde pi\u00e8ce, &#8220;Straight&#8221; mise en sc\u00e8ne par Mme Mariana Gandara. Ces deux spectacles seront jou\u00e9s de nombreuses fois au Mexique mais \u00e9galement dans la ville de Lyon.<\/p>\n<p>De retour en France, \u00e0 Paris cette fois, elle s&#8217;aventurera dans le costume de cin\u00e9ma, comme stagiaire costume, puis habilleuse sur le long m\u00e9trage &#8220;Le bonheur des uns&#8221; de M. Daniel Cohen.<br \/>Apr\u00e8s l&#8217;exp\u00e9rience acquise sur ce film, elle travaillera sur plusieurs courts-m\u00e9trages, \u00e0 Lyon mais aussi en Suisse, en tant que chef costumi\u00e8re. Toujours autant attir\u00e9e par le spectacle vivant, elle retournera une seconde fois au Mexique afin de collaborer cette fois-ci avec le metteur en sc\u00e8ne M. David Olgin, pour la cr\u00e9ation de la pi\u00e8ce &#8220;Amar Amor&#8221;. En 2020, elle reviendra s&#8217;installer en Suisse en tant que costumi\u00e8re ind\u00e9pendante bas\u00e9e au centre d\u2019artisanat de \u00ab La Filature \u00bb dans le village de La Sarraz. Afin d&#8217;y poursuivre sa passion pour le th\u00e9\u00e2tre mais d&#8217;y d\u00e9velopper \u00e9galement un projet de mode \u00e9cologique.<\/p>\n<p><\/p>\n<\/div>\n<\/div>\n<p><\/p>\n<p><\/p>\n<hr \/>\n<p><\/p>\n<p><\/p>\n<p class=\"wp-block-paragraph\"><\/p>\n<p><\/p>\n<p class=\"wp-block-paragraph\"><strong><s>Eva Luna Betelli<\/s><\/strong><\/p>\n<figure><img loading=\"lazy\" decoding=\"async\" class=\"alignright\" src=\"https:\/\/www.acrocinus.net\/wp-content\/uploads\/2023\/04\/evaluna-bio-200x300.jpg\" alt=\"\" width=\"180\" height=\"270\" \/><\/figure>\n<p>\u00a0<\/p>\n<p>Eva Luna Betelli est une artiste physique, interpr\u00e8te th\u00e9\u00e2trale, circassienne et chanteuse bas\u00e9e \u00e0 Milan, en Italie. Passionn\u00e9e depuis toujours par la recherche (th\u00e9orique et physique) elle explore un langage hybride qui m\u00e9lange dance, th\u00e9\u00e2tre, discipline circassienne et voix. Son exp\u00e9rience artistique et th\u00e9\u00e2trale conte plusieurs repr\u00e9sentation Italie et en Europe, notamment en France, Allemagne et Espagne et des collaborations avec Cesar Brie, Central del Circ, Roberto Magro, Firenza Guidi, Tasifan Cirque.<br \/>Apr\u00e8s le dipl\u00f4me en philosophie, son envie majeure est de trouver un langage qui lui permet d\u2019incarner les questions profondes en corporalit\u00e9 : captiv\u00e9 par la possibilit\u00e9 expressive des disciplines circassiennes, elle suit une formation professionnelle pour artiste de cirque contemporain \u00e0 l\u2019\u00e9cole FLIC de Turin. En 2017 elle poursuit les \u00e9tudes de th\u00e9\u00e2tre physique avec la r\u00e9alisatrice Firenza Guidi et en 2018 approfondit l\u2019\u00e9tude du trap\u00e8ze fixe et disciplines a\u00e9riennes avec Zo\u00e9 Maistre, \u00e0 Paris.<br \/>Actuellement, elle travaille \u00e0 sa nouvelle cr\u00e9ation de cirque contemporain \u00ab Polys\u00e9mie d\u2019un jour ordinaire \u00bb et comme interpr\u00e8te pour le r\u00e9alisateur Giacomo Pedini dans le spectacle \u00ab La singolarit\u00e0 di Schwartzschild \u00bb .<\/p>\n<p>\u00a0<\/p>\n<p><strong>\u00a0<s>Nicol\u00e1s Parraguez<br \/><\/s><\/strong><\/p>\n<p><strong>\u00a0<\/strong><\/p>\n<figure><img loading=\"lazy\" decoding=\"async\" class=\"alignleft wp-image-1109 \" src=\"https:\/\/www.acrocinus.net\/wp-content\/uploads\/2023\/04\/17BE38E8-072B-4D29-9C9E-5C12FC4F21D0-300x161.jpeg\" alt=\"\" width=\"303\" height=\"163\" srcset=\"https:\/\/www.acrocinus.net\/wp-content\/uploads\/2023\/04\/17BE38E8-072B-4D29-9C9E-5C12FC4F21D0-300x161.jpeg 300w, https:\/\/www.acrocinus.net\/wp-content\/uploads\/2023\/04\/17BE38E8-072B-4D29-9C9E-5C12FC4F21D0-1024x549.jpeg 1024w, https:\/\/www.acrocinus.net\/wp-content\/uploads\/2023\/04\/17BE38E8-072B-4D29-9C9E-5C12FC4F21D0-768x412.jpeg 768w, https:\/\/www.acrocinus.net\/wp-content\/uploads\/2023\/04\/17BE38E8-072B-4D29-9C9E-5C12FC4F21D0-1536x824.jpeg 1536w, https:\/\/www.acrocinus.net\/wp-content\/uploads\/2023\/04\/17BE38E8-072B-4D29-9C9E-5C12FC4F21D0.jpeg 2037w\" sizes=\"(max-width: 303px) 100vw, 303px\" \/><\/figure>\n<p>\u00a0<\/p>\n<p>Nicolas Parraguez Castro est un artiste pluridisciplinaire, acr\u00f3bat au sol, au m\u00e2t chinois , danseur et clown. Apr\u00e8s une formation pr\u00e9paratoire \u00e0 l&#8217;\u00e9cole \u201ccirco del mundo chili\u201c, il continue ses \u00e9tudes professionnelles \u00e0 l&#8217;\u00e9cole Nationale de cirque au br\u00e9sil o\u00f9 il se sp\u00e9cialise en la technique du m\u00e2t chinois, et la acrobatie au sol. Pour finir il poursuit ses \u00e9tudes \u00e0 l&#8217;\u00e9cole de cirque Th\u00e9\u00e2tre cirqule, en Suisse.\u00a0 Nicolas cr\u00e9e la cie origami, dans lequel il fait toujours partie, autant que interpr\u00e8te mais aussi dans la direction artistique. En parall\u00e8le, il int\u00e8gre d&#8217;autres projets comme interpr\u00e8te notamment en France, avec la cie j\u00e9r\u00f4me Thomas.<\/p>\n<p><strong>\u00a0<\/strong><\/p>\n<p><\/p>\n<p><\/p>\n<p class=\"wp-block-paragraph\"><\/p>\n<p><\/p>\n<p class=\"wp-block-paragraph\"><\/p>\n<p><\/p>\n<p class=\"wp-block-paragraph\"><strong><s>Utka Gavuzzo<\/s><\/strong><\/p>\n<p><\/p>\n<p><\/p>\n<div style=\"grid-template-columns: 28% auto;\">\n<figure><img loading=\"lazy\" decoding=\"async\" class=\"alignright\" src=\"https:\/\/www.acrocinus.net\/wp-content\/uploads\/2021\/12\/DSC00461.jpg\" alt=\"\" width=\"206\" height=\"137\" \/><\/figure>\n<div>\n<p>Utka est n\u00e9 en Argentine, o\u00f9 il a d\u00e9couvert le cirque \u00e0 l&#8217;\u00e2ge de 16 ans. Depuis, il a choisi de se consacrer enti\u00e8rement \u00e0 l&#8217;\u00e9tude du mouvement et des arts de la sc\u00e8ne, cr\u00e9ant un style de vie qui lui a permis de rechercher ses talents \u00e0 temps plein. Suivre des cours de danse, d&#8217;acrobatie, de th\u00e9\u00e2tre, de cirque, d&#8217;a\u00e9rogame, de musique et d&#8217;arts martiaux, il se sp\u00e9cialisa dans la jonglerie et le mouvement. En 2019, il est naturalis\u00e9 en Italie et s&#8217;inscrit \u00e0 l&#8217;Atelier de Teatro Fisico Philip Radice pendant 2 ans. Il a parcouru le monde dans plus de 22 pays en participant \u00e0 des projets tels que : The Drifting Circus et Free style cirque. Il travaille actuellement avec &#8220;The Electric Brothers&#8221;, la Cie Lumen (Suisse) et le Collectif Acrocinus. Ayant compris d\u00e8s son plus jeune \u00e2ge qu&#8217;il ne voulait pas \u00eatre catalogu\u00e9 dans une discipline, son intention a toujours \u00e9t\u00e9 de cultiver un corps disponible et un langage qui lui est propre o\u00f9 tout ce qu&#8217;il a appris se confond, lui permettant de cr\u00e9er et de se d\u00e9velopper dans divers domaines artistiques, en tant qu&#8217;interpr\u00e8te, metteur en sc\u00e8ne et musicien.<\/p>\n<\/div>\n<div>\u00a0<\/div>\n<\/div>\n<p><\/p>\n<p><\/p>\n<hr \/>\n<p><\/p>\n<p><\/p>\n<p class=\"wp-block-paragraph\"><\/p>\n<p><\/p>\n<p class=\"wp-block-paragraph\"><\/p>\n<p><\/p>\n<p class=\"wp-block-paragraph\"><\/p>\n<p><\/p>\n<p class=\"wp-block-paragraph\"><strong><s> Cristobal Bascur <\/s><\/strong><\/p>\n<p><\/p>\n<p><\/p>\n<p class=\"wp-block-paragraph\"><\/p>\n<p><\/p>\n<div style=\"grid-template-columns: auto 27%;\">\n<figure><img loading=\"lazy\" decoding=\"async\" class=\"alignleft\" src=\"https:\/\/www.acrocinus.net\/wp-content\/uploads\/2021\/12\/DSC00311_edited.jpg\" alt=\"\" width=\"222\" height=\"148\" \/><\/figure>\n<div>\n<p><\/p>\n<p class=\"wp-block-paragraph\">Cristobal Nicolas Bascur Sanchez est n\u00e9 \u00e0 Santiago du Chili en 1991, il jongle depuis l&#8217;\u00e2ge de 12 ans. Cristobal s&#8217;est produit dans plus de 7 pays diff\u00e9rents, dont le Chili, l&#8217;Argentine, le Br\u00e9sil, le Paraguay, la France, l&#8217;Allemagne, l&#8217;Espagne, etc. Il est un artiste de cirque professionnel, sp\u00e9cialis\u00e9 dans la jonglerie avec des balles, dipl\u00f4m\u00e9 d&#8217;Esacto Lido, l&#8217;une des trois \u00e9coles sup\u00e9rieures du cirque en France, o\u00f9 il a d\u00e9velopp\u00e9 son propre langage, tant sur le plan technique qu&#8217;artistique. Cristobal cherche toujours \u00e0 \u00e9voluer en tant qu&#8217;artiste et en tant que personne, car il est toujours \u00e0 la recherche de nouvelles formes d&#8217;expression.<\/p>\n<p><\/p>\n<p><\/p>\n<p class=\"wp-block-paragraph\">En 2012, il s&#8217;int\u00e9resse aux arts vivants, il se forme dans des centres culturels au Chili, et s&#8217;int\u00e9resse au mime, \u00e0 la danse contemporaine, \u00e0 l&#8217;\u00e9quilibre sur les mains, au hip hop, entre autres. En 2016, il se rend en Europe pour devenir professionnel, \u00e0 Turin, en Italie, il entre \u00e0 l&#8217;\u00e9cole de th\u00e9\u00e2tre physique de Phillip Radice. En 2018, il int\u00e8gre l&#8217;\u00e9cole sup\u00e9rieure des arts du cirque de Toulouse, EsactoLido, apr\u00e8s deux ans de formation avec la sp\u00e9cialisation de la jonglerie avec balles. En 2021, il poursuit sa formation dans le cadre du programme de d\u00e9veloppement de projets artistiques (FOCON) \u00e0 EsactoLido avec son nouveau spectacle &#8220;Erreur exp\u00e9rimentale&#8221;.<\/p>\n<p><\/p>\n<p><\/p>\n<p class=\"wp-block-paragraph\">\u00a0<\/p>\n<p><\/p>\n<\/div>\n<\/div>\n<p><\/p>\n<p><\/p>\n<p class=\"wp-block-paragraph\"><\/p>\n<p><\/p>\n<hr \/>\n<p><\/p>\n<p><\/p>\n<p class=\"wp-block-paragraph\"><\/p>\n<p><\/p>\n<p class=\"wp-block-paragraph\"><\/p>\n<p><\/p>\n<p class=\"wp-block-paragraph\"><\/p>\n<p><\/p>\n<p class=\"wp-block-paragraph\"><\/p>\n<p><\/p>\n<p class=\"wp-block-paragraph\"><\/p>\n<p><\/p>\n<p class=\"wp-block-paragraph\"><strong><s>Youri Rochat<\/s><\/strong><\/p>\n<p><\/p>\n<p><\/p>\n<div style=\"grid-template-columns: 27% auto;\">\n<figure><img loading=\"lazy\" decoding=\"async\" class=\"alignright\" src=\"https:\/\/www.acrocinus.net\/wp-content\/uploads\/2021\/12\/10.jpg\" alt=\"\" width=\"248\" height=\"165\" \/><\/figure>\n<div>\n<p><\/p>\n<p class=\"wp-block-paragraph\">Musicien, plasticien, po\u00e8te, jardinier, couteaux suisse.<\/p>\n<p><\/p>\n<p><\/p>\n<p class=\"wp-block-paragraph\">Il a suivit une formation de bijoutier qui lui a permis de canaliser sa cr\u00e9ativit\u00e9. Lors de nombreux voyages, il s&#8217;est rapproch\u00e9 des arts de la sc\u00e8ne. Tout d&#8217;abord en accompagnant avec la musique divers projets<\/p>\n<p><\/p>\n<p><\/p>\n<p class=\"wp-block-paragraph\">th\u00e9\u00e2traux en Amerique central, puis en suivant des stages clown au Mexique, en France et en Suisse. Ces exp\u00e9riences lui ont permis de travailler \u00e0 la cr\u00e9ation de plusieurs spectacles avec la compagnie Toutenblock, la compagnie des Ifs, ainsi qu&#8217;\u00e0 l&#8217;\u00e9criture de textes et musique avec le groupe Al\u00b4Ouest.<\/p>\n<p><\/p>\n<p><\/p>\n<p class=\"wp-block-paragraph\">\u00a0<\/p>\n<p><\/p>\n<\/div>\n<\/div>\n<p><\/p>\n<p><\/p>\n<p class=\"wp-block-paragraph\"><\/p>\t\t\t\t\t\t\t\t<\/div>\n\t\t\t\t<\/div>\n\t\t\t\t<div class=\"elementor-element elementor-element-fec627a elementor-widget elementor-widget-heading\" data-id=\"fec627a\" data-element_type=\"widget\" data-widget_type=\"heading.default\">\n\t\t\t\t<div class=\"elementor-widget-container\">\n\t\t\t\t\t<h6 class=\"elementor-heading-title elementor-size-default\"><b><span class=\"OYPEnA font-feature-liga-off font-feature-clig-off font-feature-calt-off text-decoration-none text-strikethrough-none\" style=\"font-style: normal\">Emmanuel Ritoux<\/span><\/b><\/h6>\t\t\t\t<\/div>\n\t\t\t\t<\/div>\n\t\t\t\t\t<\/div>\n\t\t<\/div>\n\t\t\t\t\t<\/div>\n\t\t<\/section>\n\t\t\t\t<section class=\"elementor-section elementor-top-section elementor-element elementor-element-c699b2d elementor-section-boxed elementor-section-height-default elementor-section-height-default\" data-id=\"c699b2d\" data-element_type=\"section\">\n\t\t\t\t\t\t<div class=\"elementor-container elementor-column-gap-default\">\n\t\t\t\t\t<div class=\"elementor-column elementor-col-100 elementor-top-column elementor-element elementor-element-d577d7c\" data-id=\"d577d7c\" data-element_type=\"column\">\n\t\t\t<div class=\"elementor-widget-wrap\">\n\t\t\t\t\t\t\t<\/div>\n\t\t<\/div>\n\t\t\t\t\t<\/div>\n\t\t<\/section>\n\t\t\t\t<section class=\"elementor-section elementor-top-section elementor-element elementor-element-102c5ba elementor-section-boxed elementor-section-height-default elementor-section-height-default\" data-id=\"102c5ba\" data-element_type=\"section\">\n\t\t\t\t\t\t<div class=\"elementor-container elementor-column-gap-default\">\n\t\t\t\t\t<div class=\"elementor-column elementor-col-50 elementor-top-column elementor-element elementor-element-cea6276\" data-id=\"cea6276\" data-element_type=\"column\">\n\t\t\t<div class=\"elementor-widget-wrap elementor-element-populated\">\n\t\t\t\t\t\t<div class=\"elementor-element elementor-element-33345e0 elementor-widget elementor-widget-image\" data-id=\"33345e0\" data-element_type=\"widget\" data-widget_type=\"image.default\">\n\t\t\t\t<div class=\"elementor-widget-container\">\n\t\t\t\t\t\t\t\t\t\t\t\t\t\t\t<img loading=\"lazy\" decoding=\"async\" width=\"300\" height=\"220\" src=\"https:\/\/www.acrocinus.net\/wp-content\/uploads\/2024\/10\/DSC01692-copia-300x220.jpg\" class=\"attachment-medium size-medium wp-image-1205\" alt=\"\" srcset=\"https:\/\/www.acrocinus.net\/wp-content\/uploads\/2024\/10\/DSC01692-copia-300x220.jpg 300w, https:\/\/www.acrocinus.net\/wp-content\/uploads\/2024\/10\/DSC01692-copia-1024x752.jpg 1024w, https:\/\/www.acrocinus.net\/wp-content\/uploads\/2024\/10\/DSC01692-copia-768x564.jpg 768w\" sizes=\"(max-width: 300px) 100vw, 300px\" \/>\t\t\t\t\t\t\t\t\t\t\t\t\t\t\t<\/div>\n\t\t\t\t<\/div>\n\t\t\t\t\t<\/div>\n\t\t<\/div>\n\t\t\t\t<div class=\"elementor-column elementor-col-50 elementor-top-column elementor-element elementor-element-edf51dc\" data-id=\"edf51dc\" data-element_type=\"column\">\n\t\t\t<div class=\"elementor-widget-wrap elementor-element-populated\">\n\t\t\t\t\t\t<div class=\"elementor-element elementor-element-a84635e elementor-widget elementor-widget-text-editor\" data-id=\"a84635e\" data-element_type=\"widget\" data-widget_type=\"text-editor.default\">\n\t\t\t\t<div class=\"elementor-widget-container\">\n\t\t\t\t\t\t\t\t\t<p>\u00a0<\/p>\n<p>\u00a0<\/p>\n<p style=\"text-align: left;\"><span class=\"OYPEnA font-feature-liga-off font-feature-clig-off font-feature-calt-off text-decoration-none text-strikethrough-none\" style=\"color: #808080; font-weight: 400; font-style: normal; font-kerning: none;\">Emmanuel Ritoux commence le jonglage en 2013, \u00e0 Toulouse. Apr\u00e8s un bref d\u00e9tour sur les bancs de la facult\u00e9 de m\u00e9decine, il se forme aux arts du cirque \u00e0 l\u2019\u00c9cole de Cirque de Lyon, puis, de retour sur sa terre natale, \u00e0 l\u2019\u00c9cole Sup\u00e9rieure des Arts du Cirque de Toulouse. Au cours de ses diff\u00e9rentes formations, il d\u00e9couvre la danse, le jeu, et le clown, disciplines qu&#8217;il investit avec gaiet\u00e9 pour nourrir sa pratique du jonglage.<\/span><\/p>\t\t\t\t\t\t\t\t<\/div>\n\t\t\t\t<\/div>\n\t\t\t\t\t<\/div>\n\t\t<\/div>\n\t\t\t\t\t<\/div>\n\t\t<\/section>\n\t\t\t\t<\/div>\n\t\t","protected":false},"excerpt":{"rendered":"<p>\u00a0 Nous sommes un collectif pluridisciplinaire cr\u00e9\u00e9 en 2017, d\u00e9di\u00e9 \u00e0 promouvoir la recherche visuelle et physique \u00e0 travers les art vivants, dans lequel diff\u00e9rentes comp\u00e9tences artistiques cr\u00e9ent un compl\u00e9ment qui encourage le d\u00e9veloppement intuitif et sensible. En tant que collectif, nous sommes orient\u00e9s vers l&#8217;interrogation \u00e0 travers un langage circassien th\u00e9\u00e2tral expressif, mettant la [&hellip;]<\/p>\n","protected":false},"author":2,"featured_media":0,"parent":0,"menu_order":0,"comment_status":"closed","ping_status":"closed","template":"","meta":{"footnotes":""},"class_list":["post-19","page","type-page","status-publish","hentry"],"_links":{"self":[{"href":"https:\/\/www.acrocinus.net\/index.php?rest_route=\/wp\/v2\/pages\/19","targetHints":{"allow":["GET"]}}],"collection":[{"href":"https:\/\/www.acrocinus.net\/index.php?rest_route=\/wp\/v2\/pages"}],"about":[{"href":"https:\/\/www.acrocinus.net\/index.php?rest_route=\/wp\/v2\/types\/page"}],"author":[{"embeddable":true,"href":"https:\/\/www.acrocinus.net\/index.php?rest_route=\/wp\/v2\/users\/2"}],"replies":[{"embeddable":true,"href":"https:\/\/www.acrocinus.net\/index.php?rest_route=%2Fwp%2Fv2%2Fcomments&post=19"}],"version-history":[{"count":5,"href":"https:\/\/www.acrocinus.net\/index.php?rest_route=\/wp\/v2\/pages\/19\/revisions"}],"predecessor-version":[{"id":1242,"href":"https:\/\/www.acrocinus.net\/index.php?rest_route=\/wp\/v2\/pages\/19\/revisions\/1242"}],"wp:attachment":[{"href":"https:\/\/www.acrocinus.net\/index.php?rest_route=%2Fwp%2Fv2%2Fmedia&parent=19"}],"curies":[{"name":"wp","href":"https:\/\/api.w.org\/{rel}","templated":true}]}}